{"id":8621,"date":"2025-03-19T08:01:43","date_gmt":"2025-03-19T08:01:43","guid":{"rendered":"https:\/\/chaletduilio.it\/newsite\/?page_id=8621"},"modified":"2025-04-30T13:37:29","modified_gmt":"2025-04-30T13:37:29","slug":"chi-siamo","status":"publish","type":"page","link":"https:\/\/chaletduilio.it\/newsite\/chi-siamo\/","title":{"rendered":"Chi siamo"},"content":{"rendered":"<div class=\"wpb-content-wrapper\"><div class=\"vc_row wpb_row vc_row-fluid eltd-section vc_custom_1476867859128 eltd-content-aligment-center eltd-grid-section\" style=\"\"><div class=\"clearfix eltd-section-inner\"><div class=\"eltd-section-inner-margin clearfix\"><div class=\"wpb_column vc_column_container vc_col-sm-12 vc_col-lg-offset-3 vc_col-lg-6 vc_col-md-offset-1 vc_col-md-10\"><div class=\"vc_column-inner\"><div class=\"wpb_wrapper\"><div class=\"eltd-section-title-outer-holder\" style=\"text-align: center\">\n\n\t\t\t<div class=\"eltd-section-subtitle-holder\">\n\t\t\t<h5 class=\"eltd-section-subtitle\" style=\";;color: #333333;;;;\">\n\t\t\t\tUn Sogno che Prende Forma\t\t\t<\/h5>\n\t\t<\/div>\n\t\n\t\t\t<div class=\"eltd-section-title-title-holder\">\n\t\t\t\t<h2 class=\"eltd-section-title\" style=\";font-size: 60px;;font-weight: 600;line-height: 79px;text-transform: None;letter-spacing: 0.5px;\">\n\t\t\t\tLe Origini\t\t\t\t<\/h2>\n\t\t<\/div>\n\t\n<\/div>\n\t<div class=\"wpb_text_column wpb_content_element\" >\n\t\t<div class=\"wpb_wrapper\">\n\t\t\t<p style=\"font-weight: 400; text-align: justify;\">La mia avventura dietro i fornelli inizia nel 2002, quando la mia famiglia e io decidemmo di trasformare il nostro piccolo chiosco balneare, scrigno di meravigliosi ricordi, in una struttura pi\u00f9 moderna.<\/p>\n<p style=\"font-weight: 400; text-align: justify;\">Volevamo offrire qualcosa di pi\u00f9, un luogo dove l\u2019amore per il mare e la cucina potesse prendere vita in una nuova forma. E cos\u00ec, il 27 maggio 2004, nasce il Ristorante Pinseria Duilio.<\/p>\n<p style=\"font-weight: 400; text-align: justify;\">Fin dall\u2019inizio, una brigata di esperti si occupava della cucina, mentre mia sorella ed io gestivamo la sala, accogliendo i clienti e vivendo da vicino ogni emozione.<\/p>\n<p style=\"font-weight: 400; text-align: justify;\">Il riscontro fu immediato: i clienti entusiasti, i complimenti, l\u2019atmosfera viva e coinvolgente. Tutto questo mi dava l\u2019energia per continuare e migliorare ogni giorno.<\/p>\n\n\t\t<\/div>\n\t<\/div>\n<\/div><\/div><\/div><\/div><\/div><\/div><div class=\"vc_row wpb_row vc_row-fluid eltd-section vc_custom_1475572438284 eltd-content-aligment-left eltd-grid-section\" style=\"\"><div class=\"clearfix eltd-section-inner\"><div class=\"eltd-section-inner-margin clearfix\"><div class=\"wpb_column vc_column_container vc_col-sm-10 vc_col-lg-offset-0 vc_col-lg-4 vc_col-md-offset-1 vc_col-md-10 vc_col-sm-offset-1\"><div class=\"vc_column-inner\"><div class=\"wpb_wrapper\">\n\t<div  class=\"wpb_single_image wpb_content_element vc_align_center wpb_content_element\">\n\t\t\n\t\t<figure class=\"wpb_wrapper vc_figure\">\n\t\t\t<div class=\"vc_single_image-wrapper   vc_box_border_grey\"><img loading=\"lazy\" decoding=\"async\" width=\"768\" height=\"520\" src=\"https:\/\/chaletduilio.it\/newsite\/wp-content\/uploads\/2025\/04\/2-768x520-copia.jpg\" class=\"vc_single_image-img attachment-full\" alt=\"\" title=\"2-768x520 copia\" srcset=\"https:\/\/chaletduilio.it\/newsite\/wp-content\/uploads\/2025\/04\/2-768x520-copia.jpg 768w, https:\/\/chaletduilio.it\/newsite\/wp-content\/uploads\/2025\/04\/2-768x520-copia-300x203.jpg 300w, https:\/\/chaletduilio.it\/newsite\/wp-content\/uploads\/2025\/04\/2-768x520-copia-18x12.jpg 18w, https:\/\/chaletduilio.it\/newsite\/wp-content\/uploads\/2025\/04\/2-768x520-copia-600x406.jpg 600w\" sizes=\"auto, (max-width: 768px) 100vw, 768px\" \/><\/div>\n\t\t<\/figure>\n\t<\/div>\n<div class=\"vc_empty_space\"   style=\"height: 21px\"><span class=\"vc_empty_space_inner\"><\/span><\/div><div class=\"eltd-section-title-outer-holder\" style=\"text-align: left\">\n\n\t\n\t\t\t<div class=\"eltd-section-title-title-holder\">\n\t\t\t\t<h2 class=\"eltd-section-title\" style=\";font-size: 18px;;font-weight: 600;line-height: 21px;text-transform: None;;\">\n\t\t\t\tIl Richiamo della Cucina: Oltre il Gusto, l\u2019Esperienza\t\t\t\t<\/h2>\n\t\t<\/div>\n\t\n<\/div>\n\t<div class=\"wpb_text_column wpb_content_element\" >\n\t\t<div class=\"wpb_wrapper\">\n\t\t\t<p style=\"text-align: justify;\" data-start=\"956\" data-end=\"1156\">Con il passare del tempo, iniziai a guardare quei piatti che tanto piacevano con uno sguardo diverso. Erano buoni, ma sentivo che mancava qualcosa: <strong data-start=\"1104\" data-end=\"1153\">un\u2019anima, un\u2019identit\u00e0, un tocco di creativit\u00e0<\/strong>.<\/p>\n<p style=\"text-align: justify;\" data-start=\"1158\" data-end=\"1464\">Cos\u00ec, mosso dalla curiosit\u00e0 e dalla passione, iniziai a sperimentare. Ogni piatto divenne una tela su cui dipingere il mio stile: aggiungevo, toglievo, provavo nuove combinazioni. Volevo che il cibo trasmettesse emozioni attraverso <strong data-start=\"1390\" data-end=\"1426\">la vista, il profumo e il sapore<\/strong>. Non era pi\u00f9 solo cucina, era arte.<\/p>\n\n\t\t<\/div>\n\t<\/div>\n<div class=\"vc_empty_space\"   style=\"height: 30px\"><span class=\"vc_empty_space_inner\"><\/span><\/div><\/div><\/div><\/div><div class=\"wpb_column vc_column_container vc_col-sm-10 vc_col-lg-offset-0 vc_col-lg-4 vc_col-md-offset-1 vc_col-md-10 vc_col-sm-offset-1\"><div class=\"vc_column-inner\"><div class=\"wpb_wrapper\">\n\t<div  class=\"wpb_single_image wpb_content_element vc_align_center wpb_content_element\">\n\t\t\n\t\t<figure class=\"wpb_wrapper vc_figure\">\n\t\t\t<div class=\"vc_single_image-wrapper   vc_box_border_grey\"><img loading=\"lazy\" decoding=\"async\" width=\"800\" height=\"542\" src=\"https:\/\/chaletduilio.it\/newsite\/wp-content\/uploads\/2025\/03\/2.webp\" class=\"vc_single_image-img attachment-full\" alt=\"\" title=\"2\" srcset=\"https:\/\/chaletduilio.it\/newsite\/wp-content\/uploads\/2025\/03\/2.webp 800w, https:\/\/chaletduilio.it\/newsite\/wp-content\/uploads\/2025\/03\/2-300x203.webp 300w, https:\/\/chaletduilio.it\/newsite\/wp-content\/uploads\/2025\/03\/2-768x520.webp 768w, https:\/\/chaletduilio.it\/newsite\/wp-content\/uploads\/2025\/03\/2-600x407.webp 600w\" sizes=\"auto, (max-width: 800px) 100vw, 800px\" \/><\/div>\n\t\t<\/figure>\n\t<\/div>\n<div class=\"vc_empty_space\"   style=\"height: 21px\"><span class=\"vc_empty_space_inner\"><\/span><\/div><div class=\"eltd-section-title-outer-holder\" style=\"text-align: left\">\n\n\t\n\t\t\t<div class=\"eltd-section-title-title-holder\">\n\t\t\t\t<h2 class=\"eltd-section-title\" style=\";font-size: 18px;;font-weight: 600;line-height: 21px;text-transform: None;;\">\n\t\t\t\tDall\u2019Osservazione all\u2019Azione: La Scoperta del Mio Talento\t\t\t\t<\/h2>\n\t\t<\/div>\n\t\n<\/div>\n\t<div class=\"wpb_text_column wpb_content_element\" >\n\t\t<div class=\"wpb_wrapper\">\n\t\t\t<p style=\"text-align: justify;\" data-start=\"1539\" data-end=\"1757\">Senza rendermene conto, la cucina mi aveva completamente conquistato. <strong data-start=\"1609\" data-end=\"1755\">Leggevo libri, studiavo ricette, guardavo con attenzione i video dei grandi maestri, provavo tecniche nuove e mi confrontavo con altri cuochi.<\/strong><\/p>\n<p style=\"text-align: justify;\" data-start=\"1759\" data-end=\"2115\">Pian piano, trovai il mio posto ai <strong data-start=\"1794\" data-end=\"1812\">secondi piatti<\/strong>, tra <strong data-start=\"1818\" data-end=\"1842\">grigliate e fritture<\/strong>, affinando ogni tecnica e cercando sempre un modo per migliorare. Ogni giorno era una scoperta, ogni servizio un&#8217;opportunit\u00e0 per esprimermi. Ma sentivo che non era abbastanza: volevo spingermi oltre, sperimentare, creare piatti che stupissero e raccontassero una storia.<\/p>\n\n\t\t<\/div>\n\t<\/div>\n<div class=\"vc_empty_space\"   style=\"height: 30px\"><span class=\"vc_empty_space_inner\"><\/span><\/div><\/div><\/div><\/div><div class=\"wpb_column vc_column_container vc_col-sm-10 vc_col-lg-offset-0 vc_col-lg-4 vc_col-md-offset-1 vc_col-md-10 vc_col-sm-offset-1\"><div class=\"vc_column-inner\"><div class=\"wpb_wrapper\">\n\t<div  class=\"wpb_single_image wpb_content_element vc_align_center wpb_content_element\">\n\t\t\n\t\t<figure class=\"wpb_wrapper vc_figure\">\n\t\t\t<div class=\"vc_single_image-wrapper   vc_box_border_grey\"><img loading=\"lazy\" decoding=\"async\" width=\"768\" height=\"520\" src=\"https:\/\/chaletduilio.it\/newsite\/wp-content\/uploads\/2025\/04\/2-768x520-copia-2.jpg\" class=\"vc_single_image-img attachment-full\" alt=\"\" title=\"2-768x520 copia 2\" srcset=\"https:\/\/chaletduilio.it\/newsite\/wp-content\/uploads\/2025\/04\/2-768x520-copia-2.jpg 768w, https:\/\/chaletduilio.it\/newsite\/wp-content\/uploads\/2025\/04\/2-768x520-copia-2-300x203.jpg 300w, https:\/\/chaletduilio.it\/newsite\/wp-content\/uploads\/2025\/04\/2-768x520-copia-2-18x12.jpg 18w, https:\/\/chaletduilio.it\/newsite\/wp-content\/uploads\/2025\/04\/2-768x520-copia-2-600x406.jpg 600w\" sizes=\"auto, (max-width: 768px) 100vw, 768px\" \/><\/div>\n\t\t<\/figure>\n\t<\/div>\n<div class=\"vc_empty_space\"   style=\"height: 21px\"><span class=\"vc_empty_space_inner\"><\/span><\/div><div class=\"eltd-section-title-outer-holder\" style=\"text-align: left\">\n\n\t\n\t\t\t<div class=\"eltd-section-title-title-holder\">\n\t\t\t\t<h2 class=\"eltd-section-title\" style=\";font-size: 18px;;font-weight: 600;line-height: 21px;text-transform: None;;\">\n\t\t\t\tIl Momento della Svolta: Una Cucina da Dirigere\t\t\t\t<\/h2>\n\t\t<\/div>\n\t\n<\/div>\n\t<div class=\"wpb_text_column wpb_content_element\" >\n\t\t<div class=\"wpb_wrapper\">\n\t\t\t<p style=\"text-align: justify;\" data-start=\"2180\" data-end=\"2444\">Poi, un giorno, il destino buss\u00f2 alla porta. Durante la preparazione di un banchetto, lo chef si sent\u00ec male e non pot\u00e9 essere presente. <strong data-start=\"2316\" data-end=\"2364\">Dovevo prendere il suo posto ai primi piatti<\/strong>, anche se non avevo mai cucinato per pi\u00f9 di dieci persone contemporaneamente.<\/p>\n<p style=\"text-align: justify;\" data-start=\"2446\" data-end=\"2554\">&#8220;The show must go on&#8221;, mi dissi. Con emozione e determinazione, mi misi ai fornelli. E fu <strong data-start=\"2536\" data-end=\"2551\">un successo<\/strong>.<\/p>\n\n\t\t<\/div>\n\t<\/div>\n<div class=\"vc_empty_space\"   style=\"height: 30px\"><span class=\"vc_empty_space_inner\"><\/span><\/div><\/div><\/div><\/div><\/div><\/div><\/div><div class=\"vc_row wpb_row vc_row-fluid eltd-section vc_custom_1475674456628 eltd-content-aligment-left eltd-grid-section\" style=\"\"><div class=\"clearfix eltd-section-inner\"><div class=\"eltd-section-inner-margin clearfix\"><div class=\"wpb_column vc_column_container vc_col-sm-12 vc_col-lg-6 vc_col-md-12\"><div class=\"vc_column-inner\"><div class=\"wpb_wrapper\"><div class=\"vc_empty_space\"   style=\"height: 100px\"><span class=\"vc_empty_space_inner\"><\/span><\/div><div class=\"eltd-section-title-outer-holder\" style=\"text-align: left\">\n\n\t\t\t<div class=\"eltd-section-subtitle-holder\">\n\t\t\t<h5 class=\"eltd-section-subtitle\" style=\";;color: #333333;;;;\">\n\t\t\t\tLo Chef:\t\t\t<\/h5>\n\t\t<\/div>\n\t\n\t\t\t<div class=\"eltd-section-title-title-holder\">\n\t\t\t\t<h2 class=\"eltd-section-title\" style=\";font-size: 60px;;font-weight: 600;line-height: 79px;text-transform: None;letter-spacing: 0.5px;\">\n\t\t\t\tFabio Iobbi\t\t\t\t<\/h2>\n\t\t<\/div>\n\t\n<\/div><div class=\"vc_empty_space\"   style=\"height: 32px\"><span class=\"vc_empty_space_inner\"><\/span><\/div>\n\t<div class=\"wpb_text_column wpb_content_element\" >\n\t\t<div class=\"wpb_wrapper\">\n\t\t\t<h4 style=\"text-align: justify;\">Da quel giorno, tra sacrifici, critiche, complimenti, gioie e sfide, la mia cucina \u00e8 diventata la mia firma. Il mio obiettivo \u00e8 chiaro: far riscoprire i veri sapori, esaltare il gusto autentico, trasformare ogni piatto in un\u2019esperienza sensoriale.<\/h4>\n<h4 style=\"text-align: justify;\">Amo una cucina tradizionale, ma rivisitata con creativit\u00e0 e modernit\u00e0, dove ogni ingrediente racconta la sua storia. Sono un autodidatta per natura, sempre curioso di imparare e migliorare.<\/h4>\n<h4 style=\"text-align: justify;\">La mia cucina \u00e8 il mio linguaggio, il mio modo di comunicare emozioni. Ed \u00e8 proprio questo che voglio trasmettere a chiunque si sieda alla mia tavola.<\/h4>\n\n\t\t<\/div>\n\t<\/div>\n<div class=\"vc_empty_space\"   style=\"height: 32px\"><span class=\"vc_empty_space_inner\"><\/span><\/div><\/div><\/div><\/div><div class=\"wpb_column vc_column_container vc_col-sm-12 vc_col-lg-6 vc_col-md-12\"><div class=\"vc_column-inner\"><div class=\"wpb_wrapper\">\n\t<div  class=\"wpb_single_image wpb_content_element vc_align_center wpb_content_element\">\n\t\t\n\t\t<figure class=\"wpb_wrapper vc_figure\">\n\t\t\t<div class=\"vc_single_image-wrapper   vc_box_border_grey\"><img loading=\"lazy\" decoding=\"async\" width=\"900\" height=\"1193\" src=\"https:\/\/chaletduilio.it\/newsite\/wp-content\/uploads\/2025\/04\/LCVE8345.jpg\" class=\"vc_single_image-img attachment-full\" alt=\"\" title=\"LCVE8345\" srcset=\"https:\/\/chaletduilio.it\/newsite\/wp-content\/uploads\/2025\/04\/LCVE8345.jpg 900w, https:\/\/chaletduilio.it\/newsite\/wp-content\/uploads\/2025\/04\/LCVE8345-226x300.jpg 226w, https:\/\/chaletduilio.it\/newsite\/wp-content\/uploads\/2025\/04\/LCVE8345-773x1024.jpg 773w, https:\/\/chaletduilio.it\/newsite\/wp-content\/uploads\/2025\/04\/LCVE8345-768x1018.jpg 768w, https:\/\/chaletduilio.it\/newsite\/wp-content\/uploads\/2025\/04\/LCVE8345-9x12.jpg 9w, https:\/\/chaletduilio.it\/newsite\/wp-content\/uploads\/2025\/04\/LCVE8345-600x795.jpg 600w\" sizes=\"auto, (max-width: 900px) 100vw, 900px\" \/><\/div>\n\t\t<\/figure>\n\t<\/div>\n<\/div><\/div><\/div><\/div><\/div><\/div><div class=\"vc_row wpb_row vc_row-fluid eltd-section vc_custom_1475572466484 eltd-content-aligment-center\" style=\"\"><div class=\"clearfix eltd-full-section-inner\"><div class=\"wpb_column vc_column_container vc_col-sm-12 vc_col-lg-offset-2 vc_col-lg-8 vc_col-md-offset-1 vc_col-md-10\"><div class=\"vc_column-inner vc_custom_1475498086536\"><div class=\"wpb_wrapper\"><div class=\"eltd-section-title-outer-holder\" style=\"text-align: center\">\n\n\t\n\t\t\t<div class=\"eltd-section-title-title-holder\">\n\t\t\t\t<h2 class=\"eltd-section-title\" style=\";font-size: 60px;;font-weight: 600;line-height: 79px;text-transform: None;letter-spacing: 0.5px;\">\n\t\t\t\t\u2018... Perch\u00e8 Gluten Free\u2019\t\t\t\t<\/h2>\n\t\t<\/div>\n\t\n<\/div><\/div><\/div><\/div><\/div><\/div><div class=\"vc_row wpb_row vc_row-fluid eltd-section vc_custom_1475572477404 eltd-content-aligment-left eltd-grid-section\" style=\"\"><div class=\"clearfix eltd-section-inner\"><div class=\"eltd-section-inner-margin clearfix\"><div class=\"wpb_column vc_column_container vc_col-sm-12 vc_col-lg-offset-0 vc_col-lg-5 vc_col-md-offset-0 vc_col-md-12\"><div class=\"vc_column-inner\"><div class=\"wpb_wrapper\">\n\t<div  class=\"wpb_single_image wpb_content_element vc_align_center wpb_content_element\">\n\t\t\n\t\t<figure class=\"wpb_wrapper vc_figure\">\n\t\t\t<a href=\"https:\/\/www.glutenfreeexpert.it\/\" target=\"_self\" class=\"vc_single_image-wrapper   vc_box_border_grey\"><img loading=\"lazy\" decoding=\"async\" width=\"375\" height=\"130\" src=\"https:\/\/chaletduilio.it\/newsite\/wp-content\/uploads\/2025\/03\/Logo_GlutenFree_VECTOR.webp\" class=\"vc_single_image-img attachment-full\" alt=\"\" title=\"Logo_GlutenFree_VECTOR\" srcset=\"https:\/\/chaletduilio.it\/newsite\/wp-content\/uploads\/2025\/03\/Logo_GlutenFree_VECTOR.webp 375w, https:\/\/chaletduilio.it\/newsite\/wp-content\/uploads\/2025\/03\/Logo_GlutenFree_VECTOR-300x104.webp 300w\" sizes=\"auto, (max-width: 375px) 100vw, 375px\" \/><\/a>\n\t\t<\/figure>\n\t<\/div>\n<div class=\"vc_empty_space\"   style=\"height: 30px\"><span class=\"vc_empty_space_inner\"><\/span><\/div><\/div><\/div><\/div><div class=\"wpb_column vc_column_container vc_col-sm-12 vc_col-lg-offset-0 vc_col-lg-7 vc_col-md-offset-0 vc_col-md-12\"><div class=\"vc_column-inner\"><div class=\"wpb_wrapper\">\n\t<div class=\"wpb_text_column wpb_content_element\" >\n\t\t<div class=\"wpb_wrapper\">\n\t\t\t<p style=\"font-weight: 400; text-align: justify;\">La nostra storia nel mondo del gluten free nasce dall\u2019esperienza personale dello chef Fabio Iobbi presso il suo ristorante a Porto San Giorgio, nelle Marche.<\/p>\n<p style=\"font-weight: 400; text-align: justify;\">Nel 2006 lo chef assiste ad un momento di vita che lo segner\u00e0 inevitabilmente nel suo percorso in cucina.<\/p>\n<p style=\"font-weight: 400; text-align: justify;\">Ad una festa di compleanno, organizzata proprio nel suo ristorante, lo chef vede durante la festa una bambina triste in un angolo, triste perch\u00e8 la propria madre le impedisce di assaggiare qualsiasi cosa. Incuriosito, decide di chiedere a quella madre il perch\u00e8 di tanta rigidit\u00e0, scoprendo ben presto che la bambina \u00e8 celiaca.<\/p>\n<p style=\"font-weight: 400; text-align: justify;\">All\u2019ascolto di quelle parole nella testa dello chef scatta la scintilla: inizia ad approfondire la conoscenza di questa particolare intolleranza, scoprendo come sia molto pi\u00f9 diffusa di quanto pensasse. Decide, cos\u00ec, che da quel momento in poi, nessuno avrebbe pi\u00f9 dovuto rinunciare al gusto e alle delizie della sua cucina.<\/p>\n<p style=\"font-weight: 400; text-align: justify;\">Parte cos\u00ec l\u2019avventura che ha portato lo chef a divenire uno dei massimi esponenti a livello nazionale della cucina senza glutine, fino a giungere alla creazione di un vero e proprio laboratorio per la produzione di prodotti senza glutine con annesso un\u00a0 \u201csupermarket e bakery gluten free\u201d per la vendita dei suoi prodotti artigianali: pane fresco, delizie fresche dolci e salate, affiancando anche la vendita dei migliori brand industriali del settore.<\/p>\n<p style=\"font-weight: 400; text-align: justify;\">Il Gluten Free Expert diventa ben presto punto di riferimento nel cuore delle Marche per tutti coloro che soffrono di celiachia. Espandendosi sempre pi\u00f9,\u00a0 oggi distribuisce in tutta Italia grazie al Suo Shop on line, ai grossisti e distributori di fiducia.<\/p>\n\n\t\t<\/div>\n\t<\/div>\n<div class=\"vc_empty_space\"   style=\"height: 30px\"><span class=\"vc_empty_space_inner\"><\/span><\/div><\/div><\/div><\/div><\/div><\/div><\/div>\n<\/div>","protected":false},"excerpt":{"rendered":"Un Sogno che Prende Forma Le Origini La mia avventura dietro i fornelli inizia nel 2002, quando la mia famiglia e io decidemmo di trasformare il nostro piccolo chiosco balneare, scrigno di meravigliosi ricordi, in una struttura pi\u00f9 moderna. Volevamo offrire qualcosa di pi\u00f9, un...","protected":false},"author":1,"featured_media":0,"parent":0,"menu_order":0,"comment_status":"closed","ping_status":"closed","template":"full-width.php","meta":{"footnotes":""},"class_list":["post-8621","page","type-page","status-publish","hentry"],"_links":{"self":[{"href":"https:\/\/chaletduilio.it\/newsite\/wp-json\/wp\/v2\/pages\/8621","targetHints":{"allow":["GET"]}}],"collection":[{"href":"https:\/\/chaletduilio.it\/newsite\/wp-json\/wp\/v2\/pages"}],"about":[{"href":"https:\/\/chaletduilio.it\/newsite\/wp-json\/wp\/v2\/types\/page"}],"author":[{"embeddable":true,"href":"https:\/\/chaletduilio.it\/newsite\/wp-json\/wp\/v2\/users\/1"}],"replies":[{"embeddable":true,"href":"https:\/\/chaletduilio.it\/newsite\/wp-json\/wp\/v2\/comments?post=8621"}],"version-history":[{"count":28,"href":"https:\/\/chaletduilio.it\/newsite\/wp-json\/wp\/v2\/pages\/8621\/revisions"}],"predecessor-version":[{"id":8933,"href":"https:\/\/chaletduilio.it\/newsite\/wp-json\/wp\/v2\/pages\/8621\/revisions\/8933"}],"wp:attachment":[{"href":"https:\/\/chaletduilio.it\/newsite\/wp-json\/wp\/v2\/media?parent=8621"}],"curies":[{"name":"wp","href":"https:\/\/api.w.org\/{rel}","templated":true}]}}